{"id":21,"date":"2021-07-28T14:06:56","date_gmt":"2021-07-28T14:06:56","guid":{"rendered":"https:\/\/nagykanizsa.reformatus.hu\/?page_id=21"},"modified":"2021-08-24T10:16:11","modified_gmt":"2021-08-24T10:16:11","slug":"gyulekezetunk","status":"publish","type":"page","link":"https:\/\/nagykanizsa.reformatus.hu\/?page_id=21","title":{"rendered":"Gy\u00fclekezet\u00fcnk"},"content":{"rendered":"\n<style type=\"text\/css\" data-created_by=\"avia_inline_auto\" id=\"style-css-av-kspwpd33-9670586906cb14563e687b8d566b4caa\">\n#top .av-special-heading.av-kspwpd33-9670586906cb14563e687b8d566b4caa{\npadding-bottom:10px;\n}\n<\/style>\n<div  class='av-special-heading av-kspwpd33-9670586906cb14563e687b8d566b4caa av-special-heading-h2  avia-builder-el-0  el_before_av_hr  avia-builder-el-first  '><h2 class='av-special-heading-tag '  itemprop=\"headline\"  >Gy\u00fclekezet\u00fcnk<\/h2><div class='special-heading-border'><div class='special-heading-inner-border'><\/div><\/div><\/div>\n\n<style type=\"text\/css\" data-created_by=\"avia_inline_auto\" id=\"style-css-av-kspwpj63-bb9beaaac10b824dff5d2b4403795c7d\">\n#top .hr.hr-invisible.av-kspwpj63-bb9beaaac10b824dff5d2b4403795c7d{\nheight:25px;\n}\n<\/style>\n<div  class='hr av-kspwpj63-bb9beaaac10b824dff5d2b4403795c7d hr-invisible  avia-builder-el-1  el_after_av_heading  el_before_av_one_half  '><span class='hr-inner '><span class=\"hr-inner-style\"><\/span><\/span><\/div>\n<div class='flex_column av-5t1l-c2ee3b4b2c476926d7ee803956803544 av_one_half  avia-builder-el-2  el_after_av_hr  el_before_av_one_half  first flex_column_div '   ><p><section class=\"av_textblock_section \"  itemscope=\"itemscope\" itemtype=\"https:\/\/schema.org\/CreativeWork\" ><div class='avia_textblock  '   itemprop=\"text\" ><p>A Nagykanizsiai Reform\u00e1tus Egyh\u00e1zk\u00f6zs\u00e9g 1887. november 13-\u00e1n alakult az orsz\u00e1g k\u00fcl\u00f6nb\u00f6z\u0151 r\u00e9szeib\u0151l a v\u00e1rosba ker\u00fclt reform\u00e1tusokb\u00f3l. A templomot 1934-ben \u00e9p\u00edtett\u00e9k K\u00e1d\u00e1r Lajos lelkip\u00e1sztors\u00e1ga idej\u00e9n.<\/p>\n<p>A szolg\u00e1latokat K\u00e1d\u00e1r tiszteletest k\u00f6vet\u0151en Pomothy Dezs\u0151 lelkip\u00e1sztor v\u00e9gezte, aki 45 \u00e9vig volt lelkip\u00e1sztora a gy\u00fclekezetnek. A hozz\u00e1 tartoz\u00f3 hatalmas sz\u00f3rv\u00e1nyter\u00fcleten \u00e9l\u0151ket a csal\u00e1dl\u00e1togat\u00e1s alklam\u00e1val szem\u00e9lyesen kereste fel. Hossz\u00fa szolg\u00e1lati ideje alatt siker\u00fclt kinevlenie egy olyan szolg\u00e1l\u00f3 k\u00f6z\u00f6ss\u00e9get, mely orsz\u00e1gos h\u00edr\u0171 diak\u00f3niai munk\u00e1t v\u00e9gzett. Nyugd\u00edjba vonul\u00e1sa ut\u00e1n m\u00e9g 19 \u00e9vig seg\u00edtette a gy\u00fclekezetet.<\/p>\n<p>T\u0151le Balogh Tibor lelkip\u00e1sztor vette \u00e1t a staf\u00e9t\u00e1t 1985-ben. K\u00f6zel 25 \u00e9vig volt Nagyknaizsa \u00e9s a hozz\u00e1 tartoz\u00f3 70 sz\u00f3rv\u00e1ny p\u00e1sztora, \u00e9s 2003 -t\u00f3l a Somogyi Reform\u00e1tus Egyh\u00e1zmegye esperese. Az \u0150 szolg\u00e1lata idej\u00e9n indult \u00fatj\u00e1ra a Kanizsai Est\u00e9k el\u0151ad\u00e1s sorozat, melyre minden \u00e9vben janu\u00e1rt\u00f3l m\u00e1rciusig p\u00e9ntekenk\u00e9nt ker\u00fcl megrendez\u00e9sre.<\/p>\n<p>Hella Ferenc (aki 1973. okt\u00f3ber 25-\u00e9n sz\u00fcletett a Bihar megyei \u00c9rmih\u00e1lyfalv\u00e1n) 2009. szeptember\u00e9t\u0151l lett a gy\u00fclekezet lelkip\u00e1sztora. Feles\u00e9g\u00e9vel No\u00e9mivel \u00e9s k\u00e9t gyermek\u00e9vel Zsann\u00e1val \u00e9s M\u00e1ty\u00e1ssal \u00e9rkeztek Nagykanizs\u00e1ra.<\/p>\n<p>Szolg\u00e1lati ter\u00fcletek, az istentiszteletek Nagykanizs\u00e1n, Galambokon \u00e9s havi rendszeress\u00e9ggel Leteny\u00e9n. Az istentiszteletekkel p\u00e1rhuzamosan gyermek istentiszteleteteket tartunk. Imm\u00e1r a m\u00e1sodik alpha kurzust is \u00fatj\u00e1ra ind\u00edtottuk. Fontos szolg\u00e1lat a csal\u00e1d- \u00e9s betegl\u00e1togat\u00e1s alkalmai. Cs\u00fct\u00f6rt\u00f6k\u00f6nk\u00e9nt biblia\u00f3r\u00e1ra v\u00e1rjuk az \u00e9let aktu\u00e1lis probl\u00e9m\u00e1ira v\u00e1laszt keres\u0151ket. 2010-t\u0151l Istennek h\u00e1la t\u00f6bb iskol\u00e1ban is tartunk hittan\u00f3r\u00e1kat, a konfirm\u00e1ci\u00f3i el\u0151k\u00e9sz\u00edt\u0151t a gy\u00fclekezeti teremben tartjuk. Szombaton d\u00e9lel\u0151tt hittanos foglalkoz\u00e1st tartunk az \u00f3vod\u00e1s kor\u00faak r\u00e9sz\u00e9re.<\/p>\n<\/div><\/section><br \/>\n\n<style type=\"text\/css\" data-created_by=\"avia_inline_auto\" id=\"style-css-av-kspwsj8q-27d5b1b44957510a7e2a36eab61ea875\">\n#top .hr.hr-invisible.av-kspwsj8q-27d5b1b44957510a7e2a36eab61ea875{\nheight:50px;\n}\n<\/style>\n<div  class='hr av-kspwsj8q-27d5b1b44957510a7e2a36eab61ea875 hr-invisible  avia-builder-el-4  el_after_av_textblock  el_before_av_textblock  '><span class='hr-inner '><span class=\"hr-inner-style\"><\/span><\/span><\/div><br \/>\n<section class=\"av_textblock_section \"  itemscope=\"itemscope\" itemtype=\"https:\/\/schema.org\/CreativeWork\" ><div class='avia_textblock  '   itemprop=\"text\" ><h3>Sz\u00f3rv\u00e1nyaink<\/h3>\n<hr \/>\n<p>Murar\u00e1tka, Muraszemenye, Cs\u00f6rnyef\u00f6lde, Szentmargitfalva, Als\u00f3rajk, B\u00e1nokszentgy\u00f6rgy, Becsehely, Bocska, Borsfa, B\u00f6rz\u00f6nce, Bucsuta, Fels\u0151rajk, Fityeh\u00e1za, F\u0171zv\u00f6lgy, Gelse, Gelsesziget, Hah\u00f3t, Homokom\u00e1rom, Hossz\u00fav\u00f6lgy, Kacorlak, Kilim\u00e1n, Kistolm\u00e1cs, Letenye, Magyarszentmikl\u00f3s, Magyarszerdahely, Moln\u00e1ri, Murakereszt\u00far, Nagyr\u00e9cse, Olt\u00e1rc, Petrivente, P\u00f6l\u00f6skef\u0151, P\u00f6tr\u00e9te, Pusztamagyar\u00f3d, Rigy\u00e1c, Semj\u00e9nh\u00e1za, Szentliszl\u00f3, T\u00f3tszentm\u00e1rton, T\u00f3tszerdahely, \u00dajudvar, Valkonya, V\u00e1rf\u00f6lde, Zajk, Zalaszentbal\u00e1zs, Bagola, Bajcsa, Belezna, Eszteregnye, Kisr\u00e9cse, Lisz\u00f3, Mikl\u00f3sfa, S\u00e1rm\u00e1s, Surd, Szepetnek.<\/p>\n<p>Balatonmagyar\u00f3d, Garabonc, Kerecseny, Mih\u00e1ld, Nagyrada, Orosztony, Pat, Sand, Zalakaros, Zalakom\u00e1r, Zalamernye, Zalaszabar, Zalaszentjakab, Csapi, Nagybak\u00f3nak, Zalas\u00e1rszeg, Zala\u00fajlak.<\/p>\n<\/div><\/section><\/p><\/div>\n<div class='flex_column av-15yfl-b283e4c71303a5c85f90494ed6be8709 av_one_half  avia-builder-el-6  el_after_av_one_half  el_before_av_hr  flex_column_div '   ><p>\n<style type=\"text\/css\" data-created_by=\"avia_inline_auto\" id=\"style-css-av-kspwr07w-1bbfee3a4c04d63e6353e82051547689\">\n#top .hr.hr-invisible.av-kspwr07w-1bbfee3a4c04d63e6353e82051547689{\nheight:20px;\n}\n<\/style>\n<div  class='hr av-kspwr07w-1bbfee3a4c04d63e6353e82051547689 hr-invisible  avia-builder-el-7  el_before_av_image  avia-builder-el-first  '><span class='hr-inner '><span class=\"hr-inner-style\"><\/span><\/span><\/div><br \/>\n\n<style type=\"text\/css\" data-created_by=\"avia_inline_auto\" id=\"style-css-av-kspwqfcr-95645175c4e0866f03bfedcff0b65cb4\">\n.avia-image-container.av-kspwqfcr-95645175c4e0866f03bfedcff0b65cb4 .av-image-caption-overlay-center{\ncolor:#ffffff;\n}\n<\/style>\n<div  class='avia-image-container av-kspwqfcr-95645175c4e0866f03bfedcff0b65cb4 av-styling- avia-align-center  avia-builder-el-8  el_after_av_hr  avia-builder-el-last  '  itemprop=\"image\" itemscope=\"itemscope\" itemtype=\"https:\/\/schema.org\/ImageObject\" ><div class=\"avia-image-container-inner\"><div class=\"avia-image-overlay-wrap\"><img decoding=\"async\" class='wp-image-91 avia-img-lazy-loading-not-91 avia_image' src=\"https:\/\/nagykanizsa.reformatus.hu\/wp-content\/uploads\/2021\/08\/kalvin_ter_6m.jpg\" alt='' title='kalvin_ter_6m'  height=\"817\" width=\"1089\"  itemprop=\"thumbnailUrl\" srcset=\"https:\/\/nagykanizsa.reformatus.hu\/wp-content\/uploads\/2021\/08\/kalvin_ter_6m.jpg 1089w, https:\/\/nagykanizsa.reformatus.hu\/wp-content\/uploads\/2021\/08\/kalvin_ter_6m-300x225.jpg 300w, https:\/\/nagykanizsa.reformatus.hu\/wp-content\/uploads\/2021\/08\/kalvin_ter_6m-1030x773.jpg 1030w, https:\/\/nagykanizsa.reformatus.hu\/wp-content\/uploads\/2021\/08\/kalvin_ter_6m-768x576.jpg 768w, https:\/\/nagykanizsa.reformatus.hu\/wp-content\/uploads\/2021\/08\/kalvin_ter_6m-705x529.jpg 705w\" sizes=\"(max-width: 1089px) 100vw, 1089px\" \/><\/div><\/div><\/div><\/p><\/div>\n\n<style type=\"text\/css\" data-created_by=\"avia_inline_auto\" id=\"style-css-av-wvkx-bfbca865cf3f610e12a84d94453fc29b\">\n#top .hr.hr-invisible.av-wvkx-bfbca865cf3f610e12a84d94453fc29b{\nheight:50px;\n}\n<\/style>\n<div  class='hr av-wvkx-bfbca865cf3f610e12a84d94453fc29b hr-invisible  avia-builder-el-9  el_after_av_one_half  el_before_av_toggle_container  '><span class='hr-inner '><span class=\"hr-inner-style\"><\/span><\/span><\/div>\n<div  class='togglecontainer av-kspww3o1-3fedf2c7c3cd6c95445cd12dc00acede  avia-builder-el-10  el_after_av_hr  el_before_av_hr  toggle_close_all ' >\n<section class='av_toggle_section av-kspww39q-2fa4c22a7302d7fc78e31b612b7e155a'  itemscope=\"itemscope\" itemtype=\"https:\/\/schema.org\/CreativeWork\" ><div role=\"tablist\" class=\"single_toggle\" data-tags=\"{Mind} \"  ><p data-fake-id='#toggle-id-1' class='toggler   '  itemprop=\"headline\"  role='tab' tabindex='0' aria-controls='toggle-id-1'>MUNKAT\u00c1RSAKNAK AJ\u00c1NLJUK<span class=\"toggle_icon\"><span class=\"vert_icon\"><\/span><span class=\"hor_icon\"><\/span><\/span><\/p><div id='toggle-id-1' class='toggle_wrap  '  ><div class='toggle_content invers-color '  itemprop=\"text\" ><div>\n<h3><\/h3>\n<h3>Gyermekfoglalkoz\u00e1s az istentisztelettel p\u00e1rhuzamosan<\/h3>\n<p><strong>Mi\u00e9rt v\u00e9gezz\u00fck?<\/strong><\/p>\n<ol>\n<li>A j\u00f6v\u0151\u00e9rt, Krisztus \u00fcgy\u00e9\u00e9rt, annak terjed\u00e9s\u00e9rt v\u00e9gezz\u00fck. Nagyon fontos ez a szolg\u00e1lat a gy\u00fclekezet\u00fcnkben.<\/li>\n<li>Nagyon \u00f6rvendetes dolog, hogy v\u00e1llalt\u00e1k ennek a szolg\u00e1latnak a v\u00e9gz\u00e9s\u00e9t. K\u00f6sz\u00f6nj\u00fck!<\/li>\n<li>Fontos, hogy legyen egy menete, amit mindenki betart.<\/li>\n<li>Az alkalom c\u00e9lja, els\u0151sorban nem az ismeret \u00e1tad\u00e1s, hanem az, hogy j\u00f3l \u00e9rezz\u00e9k magukat a gyermekek. L\u00e9gyen egy olyan \u00e9rz\u00e9s\u00fck, hogy j\u00f3 az egyh\u00e1zban, j\u00f3 a gy\u00fclekezetben. Ha ezt meg tudjuk tenni, akkor j\u00e1tszva tudjuk megtan\u00edtani nekik a sz\u00fcks\u00e9ges dolgokat.<\/li>\n<li>Vezess\u00fck be a f\u00fczetbe mivel foglalkoztunk (halad\u00e1si napl\u00f3), hogy az ut\u00e1nunk k\u00f6vetkez\u0151 is tudja folytatni.<\/li>\n<li>Akinek sz\u00fcks\u00e9ge van seg\u00edts\u00e9gre k\u00e9rem jelezze (pl: f\u00e9nym\u00e1sol\u00e1s, seg\u00e9deszk\u00f6z\u00f6k, stb.)<\/li>\n<\/ol>\n<p><strong>A foglalkoz\u00e1s menete:<\/strong><\/p>\n<p>1. im\u00e1ds\u00e1g:<\/p>\n<p>J\u00f3 Aty\u00e1nk Isten\u00fcnk Te tan\u00edts benn\u00fcnket,<br \/>\nJ\u00e9zus Krisztus \u00fatj\u00e1n vezesd a lelk\u00fcnket.<br \/>\nSzentlelked ereje n\u00f6velje hit\u00fcnket. \u00c1men<\/p>\n<p>(term\u00e9szetesen lehet szabad im\u00e1ds\u00e1g is)<\/p>\n<p>2. \u00e9nek:<\/p>\n<p>A t\u00f6rt\u00e9net \u2013 \u00e1tad\u00e1sa \u00e9s feldolgoz\u00e1sa j\u00e1t\u00e9kos m\u00f3dszerekkel.<\/p>\n<p>3. k\u00f6z\u00f6s munka<\/p>\n<p>sz\u00ednez\u0151k, gyurma, oll\u00f3 v\u00e1gta, stb.<\/p>\n<p>4. \u00e9nek (akinek gondot jelent az \u00e9nek, az nem \u00e9nekel)<\/p>\n<p>5. Z\u00e1r\u00f3im\u00e1ds\u00e1g<\/p>\n<p>K\u00f6sz\u00f6nj\u00fck Isten\u00fcnk, hogy itt volt\u00e1l vel\u00fcnk<\/p>\n<p>K\u00e9r\u00fcnk \u00c9des Aty\u00e1nk vigy\u00e1zz mindig re\u00e1nk! \u00c1men.<\/p>\n<p>(term\u00e9szetesen lehet szabad im\u00e1ds\u00e1g is)<\/p>\n<p>\u00c9nekek, amit sokat ismernek:<\/p>\n<ul>\n<li>T\u00fczed Uram J\u00e9zus (nagyobbak)<\/li>\n<li>J\u00e9zussal j\u00e1rok minden nap (nagyobbak)<\/li>\n<li>Kis h\u00e1zad f\u00f6ldi \u00e9leted (kicsik)<\/li>\n<li>D\u00e1vid egykor (kicsik)<\/li>\n<li>J\u00e9zus szeret minden kicsi gyereket (kicsik)<\/li>\n<\/ul>\n<p>2011. m\u00e1rcius 12-\u00e9n volt egy megbesz\u00e9l\u00e9s\u00fcnk.<br \/>\nAz ott elhangzottakat szeretn\u00e9m le\u00edrni, hogy \u00f6sszeszedjem a gondolataimat, \u00e9s hogy azok is tudj\u00e1k, akik nem tudtak elj\u00f6nni:<\/p>\n<ol>\n<li>Megbesz\u00e9lt\u00fck, hogy a neve legyen a vas\u00e1rnapi iskola helyett ink\u00e1bb vas\u00e1rnapi gyerekfoglalkoz\u00e1s<\/li>\n<li>Az\u00e9rt is, mert ide ink\u00e1bb a kisebbeket v\u00e1rjuk, \u00e9s a nagyobbak ink\u00e1bb okosan vegyenek r\u00e9szt az istentiszteleten.<\/li>\n<li>Megn\u00e9zt\u00fck az internetes oldalon a mutogat\u00f3s \u00e9nekeket, \u00e9s azokat az oldalakat, hogy az \u00e9nekek kott\u00e1i le lehet t\u00f6lteni, \u00e9s meg is lehet hallgatni.<\/li>\n<li>Kijel\u00f6lt\u00fcnk az egyik nagy feh\u00e9r szekr\u00e9nynek a k\u00f6z\u00e9ps\u0151 r\u00e9sz\u00e9t, ahova a gyerekfoglalkoz\u00e1ssal kapcsolatos dolgokat megtal\u00e1ljuk.<\/li>\n<li>K\u00e9sz\u00fcl egy kb 30 \u00e9neket tartalmaz\u00f3 gyerekeknek sz\u00f3l\u00f3 \u00e9nekf\u00fczet<\/li>\n<li>K\u00e9sz\u00fcl egy gy\u0171jtem\u00e9ny, sz\u00ednez\u00e9shez.<\/li>\n<li>Megbesz\u00e9lt\u00fck, hogy kb 1 h\u00f3nap m\u00falva ism\u00e9t \u00f6sszej\u00f6v\u00fcnk, hogy \u00e9neket tanuljunk, \u00e9s egy\u00fctt legy\u00fcnk.<\/li>\n<li>A templom bej\u00e1rat\u00e1n\u00e1l is megtal\u00e1lhat\u00f3 a beoszt\u00e1s.<\/li>\n<li>Hamarosan lesz f\u00e9nym\u00e1sol\u00f3 a kisteremben, amit haszn\u00e1lhatunk<\/li>\n<li>Lesz internet el\u00e9rhet\u0151s\u00e9g is a foglalkoz\u00e1s alatt<\/li>\n<li>Ha v\u00e9g\u00e9re \u00e9r\u00fcnk ennek a k\u00f6nyvnek, \u00fajra kezdj\u00fck, kieg\u00e9sz\u00edtve a feh\u00e9r szekr\u00e9nyben tal\u00e1lhat\u00f3 seg\u00e9danyagokkal<\/li>\n<\/ol>\n<\/div>\n<\/div><\/div><\/div><\/section>\n<\/div>\n\n<style type=\"text\/css\" data-created_by=\"avia_inline_auto\" id=\"style-css-av-kspwtoir-5ab53df8af9616cb2e3e81c03dc2eef5\">\n#top .hr.hr-invisible.av-kspwtoir-5ab53df8af9616cb2e3e81c03dc2eef5{\nheight:50px;\n}\n<\/style>\n<div  class='hr av-kspwtoir-5ab53df8af9616cb2e3e81c03dc2eef5 hr-invisible  avia-builder-el-11  el_after_av_toggle_container  el_before_av_social_share  '><span class='hr-inner '><span class=\"hr-inner-style\"><\/span><\/span><\/div>\n<div  class='av-social-sharing-box av-social-sharing-box-default   avia-builder-el-12  el_after_av_hr  avia-builder-el-last  av-social-sharing-box-fullwidth '><div class=\"av-share-box\"><h5 class='av-share-link-description av-no-toc '>Megoszt\u00e1s<\/h5><ul class=\"av-share-box-list noLightbox\"><li class='av-share-link av-social-link-facebook' ><a target=\"_blank\" aria-label=\"Megoszt\u00e1s Facebook\" href='https:\/\/www.facebook.com\/sharer.php?u=https:\/\/nagykanizsa.reformatus.hu\/?page_id=21&#038;t=Gy%C3%BClekezet%C3%BCnk' aria-hidden='false' data-av_icon='\ue8f3' data-av_iconfont='entypo-fontello' title='' data-avia-related-tooltip='Megoszt\u00e1s Facebook' rel=\"noopener\"><span class='avia_hidden_link_text'>Megoszt\u00e1s Facebook<\/span><\/a><\/li><li class='av-share-link av-social-link-twitter' ><a target=\"_blank\" aria-label=\"Megoszt\u00e1s Twitter\" href='https:\/\/twitter.com\/share?text=Gy%C3%BClekezet%C3%BCnk&#038;url=https:\/\/nagykanizsa.reformatus.hu\/?p=21' aria-hidden='false' data-av_icon='\ue8f1' data-av_iconfont='entypo-fontello' title='' data-avia-related-tooltip='Megoszt\u00e1s Twitter' rel=\"noopener\"><span class='avia_hidden_link_text'>Megoszt\u00e1s Twitter<\/span><\/a><\/li><li class='av-share-link av-social-link-whatsapp' ><a target=\"_blank\" aria-label=\"Share on WhatsApp\" href='https:\/\/api.whatsapp.com\/send?text=https:\/\/nagykanizsa.reformatus.hu\/?page_id=21' aria-hidden='false' data-av_icon='\uf232' data-av_iconfont='entypo-fontello' title='' data-avia-related-tooltip='Share on WhatsApp' rel=\"noopener\"><span class='avia_hidden_link_text'>Share on WhatsApp<\/span><\/a><\/li><li class='av-share-link av-social-link-linkedin' ><a target=\"_blank\" aria-label=\"Megoszt\u00e1s LinkedIn\" href='https:\/\/linkedin.com\/shareArticle?mini=true&#038;title=Gy%C3%BClekezet%C3%BCnk&#038;url=https:\/\/nagykanizsa.reformatus.hu\/?page_id=21' aria-hidden='false' data-av_icon='\ue8fc' data-av_iconfont='entypo-fontello' title='' data-avia-related-tooltip='Megoszt\u00e1s LinkedIn' rel=\"noopener\"><span class='avia_hidden_link_text'>Megoszt\u00e1s LinkedIn<\/span><\/a><\/li><li class='av-share-link av-social-link-mail' ><a  aria-label=\"Megoszt\u00e1s emailben\" href='mailto:?subject=Gy%C3%BClekezet%C3%BCnk&#038;body=https:\/\/nagykanizsa.reformatus.hu\/?page_id=21' aria-hidden='false' data-av_icon='\ue805' data-av_iconfont='entypo-fontello' title='' data-avia-related-tooltip='Megoszt\u00e1s emailben'><span class='avia_hidden_link_text'>Megoszt\u00e1s emailben<\/span><\/a><\/li><\/ul><\/div><\/div>\n","protected":false},"excerpt":{"rendered":"","protected":false},"author":1,"featured_media":0,"parent":0,"menu_order":3,"comment_status":"closed","ping_status":"closed","template":"","meta":{"footnotes":""},"class_list":["post-21","page","type-page","status-publish","hentry"],"_links":{"self":[{"href":"https:\/\/nagykanizsa.reformatus.hu\/index.php?rest_route=\/wp\/v2\/pages\/21","targetHints":{"allow":["GET"]}}],"collection":[{"href":"https:\/\/nagykanizsa.reformatus.hu\/index.php?rest_route=\/wp\/v2\/pages"}],"about":[{"href":"https:\/\/nagykanizsa.reformatus.hu\/index.php?rest_route=\/wp\/v2\/types\/page"}],"author":[{"embeddable":true,"href":"https:\/\/nagykanizsa.reformatus.hu\/index.php?rest_route=\/wp\/v2\/users\/1"}],"replies":[{"embeddable":true,"href":"https:\/\/nagykanizsa.reformatus.hu\/index.php?rest_route=%2Fwp%2Fv2%2Fcomments&post=21"}],"version-history":[{"count":10,"href":"https:\/\/nagykanizsa.reformatus.hu\/index.php?rest_route=\/wp\/v2\/pages\/21\/revisions"}],"predecessor-version":[{"id":127,"href":"https:\/\/nagykanizsa.reformatus.hu\/index.php?rest_route=\/wp\/v2\/pages\/21\/revisions\/127"}],"wp:attachment":[{"href":"https:\/\/nagykanizsa.reformatus.hu\/index.php?rest_route=%2Fwp%2Fv2%2Fmedia&parent=21"}],"curies":[{"name":"wp","href":"https:\/\/api.w.org\/{rel}","templated":true}]}}